{"id":69,"date":"2020-06-17T21:09:00","date_gmt":"2020-06-17T21:09:00","guid":{"rendered":"https:\/\/inspiration-feng-shui.ch\/?page_id=69"},"modified":"2025-11-20T21:21:30","modified_gmt":"2025-11-20T21:21:30","slug":"uuu","status":"publish","type":"page","link":"https:\/\/creacti.ch\/?page_id=69","title":{"rendered":"Ateliers d\u00e9veloppement personnel"},"content":{"rendered":"\n<div class=\"wp-block-media-text is-stacked-on-mobile\" style=\"grid-template-columns:18% auto\"><figure class=\"wp-block-media-text__media\"><img loading=\"lazy\" decoding=\"async\" width=\"778\" height=\"1024\" src=\"https:\/\/creacti.ch\/wp-content\/uploads\/2025\/11\/IMG_4274-778x1024.jpeg\" alt=\"\" class=\"wp-image-831 size-full\" srcset=\"https:\/\/creacti.ch\/wp-content\/uploads\/2025\/11\/IMG_4274-778x1024.jpeg 778w, https:\/\/creacti.ch\/wp-content\/uploads\/2025\/11\/IMG_4274-228x300.jpeg 228w, https:\/\/creacti.ch\/wp-content\/uploads\/2025\/11\/IMG_4274-768x1011.jpeg 768w, https:\/\/creacti.ch\/wp-content\/uploads\/2025\/11\/IMG_4274-1167x1536.jpeg 1167w, https:\/\/creacti.ch\/wp-content\/uploads\/2025\/11\/IMG_4274-1555x2048.jpeg 1555w, https:\/\/creacti.ch\/wp-content\/uploads\/2025\/11\/IMG_4274.jpeg 1895w\" sizes=\"auto, (max-width: 778px) 100vw, 778px\" \/><\/figure><div class=\"wp-block-media-text__content\">\n<blockquote class=\"wp-block-quote is-layout-flow wp-block-quote-is-layout-flow\"><style>.wp-block-kadence-advancedheading.kt-adv-heading69_17182b-ef, .wp-block-kadence-advancedheading.kt-adv-heading69_17182b-ef[data-kb-block=\"kb-adv-heading69_17182b-ef\"]{font-style:normal;}.wp-block-kadence-advancedheading.kt-adv-heading69_17182b-ef mark, .wp-block-kadence-advancedheading.kt-adv-heading69_17182b-ef[data-kb-block=\"kb-adv-heading69_17182b-ef\"] mark{font-style:normal;color:#f76a0c;padding-top:0px;padding-right:0px;padding-bottom:0px;padding-left:0px;}<\/style>\n<h2 class=\"kt-adv-heading69_17182b-ef wp-block-kadence-advancedheading\" data-kb-block=\"kb-adv-heading69_17182b-ef\">\u00ab <strong>Ces ateliers offrent les cl\u00e9s pour lib\u00e9rer votre cr\u00e9ativit\u00e9, \u00e9veiller votre intuition, fixer et atteindre vos objectifs, et r\u00e9aliser votre potentiel. C\u2019est une  exp\u00e9rience in\u00e9dite qui vous attend<\/strong>.&nbsp;\u00bb<\/h2>\n<cite>Camille Chiesa, Fondatrice de la m\u00e9thode <br>Creacti, activation \u00e9nerg\u00e9tique avec les \u00e9l\u00e9ments de la nature <\/cite><\/blockquote>\n<\/div><\/div>\n\n\n\n<h2 class=\"wp-block-heading\"><strong>Au programme :<\/strong><\/h2>\n\n\n\n<ul class=\"wp-block-list\">\n<li><strong>D\u00e9veloppement personnel :<\/strong> Apprenez \u00e0 mieux vous conna\u00eetre et \u00e0 identifier vos objectifs, vos forces, d\u00e9couvrez les ressources qui sommeillent en vous et trouvez l\u2019\u00e9nergie pour les r\u00e9aliser <\/li>\n\n\n\n<li> <strong>Encadrement et soutien <\/strong>: notre animateur exp\u00e9riment\u00e9 et stimulant vous donne les outils et un cadre structur\u00e9 pour naviguer dans tous les aspects des th\u00e9matiques abord\u00e9es<\/li>\n\n\n\n<li><strong>\u00c9changes enrichissants :<\/strong> Profitez d&rsquo;une dynamique de groupe inspirante, o\u00f9 chaque participant apporte ses id\u00e9es et sa motivation dans une ambiance joyeuse et collaborative <\/li>\n\n\n\n<li><strong>Exp\u00e9rience immersive<\/strong>: des stimulations artistiques et sensorielles et des exercices simples, des \u00e9changes dans le groupe favorisant un sentiment de pr\u00e9sence et d\u2019engagement, favorisant une d\u00e9couverte plus profonde<\/li>\n\n\n\n<li><strong>Rituel cr\u00e9atif :<\/strong> Transformez vos r\u00eaves en r\u00e9alit\u00e9 en passant de la th\u00e9orie \u00e0 la pratique, r\u00e9alisez une cr\u00e9ation unique ( sauf pour le rituel de l\u2019eau qui est un peu diff\u00e9rent). L\u2019oeuvre r\u00e9alis\u00e9e sera ensuite expos\u00e9e chez vous pour prolonger les b\u00e9n\u00e9fices<\/li>\n<\/ul>\n\n\n\n<h2 class=\"wp-block-heading\"><strong>\u00cates-vous pr\u00eat \u00e0 transformer votre vie ? <\/strong><br><\/h2>\n\n\n\n<div class=\"wp-block-buttons is-layout-flex wp-block-buttons-is-layout-flex\">\n<div class=\"wp-block-button\"><a class=\"wp-block-button__link wp-element-button\">Demande d\u2019inscription atelier<\/a><\/div>\n<\/div>\n\n\n\n<h2 class=\"wp-block-heading\"><br>Des questions? Contact: 079 257 64 96 chiesacam@gmail.com<\/h2>\n\n\n\n<p class=\"wp-block-paragraph\">Faites notre test gratuit pour identifier votre <strong>\u00e9l\u00e9ment naturel levier<\/strong> \u00e0 d\u00e9velopper pour vous \u00e9panouir davantage, \u00e9quilibrer votre vie et maximiser votre potentiel de croissance. C\u2019est l\u2019\u00e9l\u00e9ment le plus faible sur votre tableau de bord des th\u00e9matiques de succ\u00e8s. Celui qui aura le plus d\u2019impact si vous le fortifiez.<\/p>\n\n\n\n<div class=\"wp-block-buttons is-layout-flex wp-block-buttons-is-layout-flex\">\n<div class=\"wp-block-button\"><a class=\"wp-block-button__link wp-element-button\">Test gratuit : quel est votre <strong>\u00e9l\u00e9ment naturel levier<\/strong><\/a><\/div>\n<\/div>\n\n\n\n<h2 class=\"wp-block-heading\">T\u00e9moignages:<\/h2>\n\n\n\n<p class=\"wp-block-paragraph\">\ud83d\udcac <br>\u00ab\u00a0Participer \u00e0 cet atelier a \u00e9t\u00e9 un v\u00e9ritable tournant dans ma vie. Gr\u00e2ce \u00e0 l&rsquo;encadrement bienveillant et aux \u00e9changes dynamiques, j&rsquo;ai pu clarifier mes objectifs et aller de l&rsquo;avant avec confiance. Je ressors de cette exp\u00e9rience avec une \u00e9nergie renouvel\u00e9e et un groupe de soutien incroyable !\u00a0\u00bb<br>\ud83d\udcac <br>\u00ab\u00a0Cet atelier m&rsquo;a permis de mieux me conna\u00eetre et de d\u00e9couvrir des ressources en moi que je ne soup\u00e7onnais pas. Les discussions enrichissantes et l&rsquo;accompagnement de l&rsquo;animatrice ont fait toute la diff\u00e9rence. Je me sens d\u00e9sormais pr\u00eat \u00e0 relever de nouveaux d\u00e9fis.\u00a0\u00bb<br>\ud83d\udcac <br>\u00ab\u00a0Un moment magique ! J&rsquo;ai appris \u00e0 trouver l&rsquo;\u00e9quilibre dans ma vie personnelle et professionnelle. Les \u00e9changes avec les autres participants ont \u00e9t\u00e9 tr\u00e8s enrichissants. Je recommande cet atelier \u00e0 tous ceux qui souhaitent se reconnecter avec eux-m\u00eames.\u00a0\u00bb<br>\ud83d\udcac <br>\u00ab\u00a0Ce que j&rsquo;ai le plus appr\u00e9ci\u00e9, c&rsquo;est le passage \u00e0 l&rsquo;action \u00e0 travers la cr\u00e9ation. L&rsquo;atelier m&rsquo;a offert un cadre vraiment inspirant pour r\u00e9fl\u00e9chir et mettre en place mes projets. J&rsquo;ai quitt\u00e9 cette exp\u00e9rience avec des outils concrets et une motivation \u00e0 toute \u00e9preuve.\u00a0\u00bb<br>\ud83d\udcac\u00a0\u00bbJ&rsquo;ai ador\u00e9 la dynamique de groupe et la joie r\u00e9gnait tout au long de l&rsquo;atelier. J&rsquo;ai pu discuter de mes aspirations avec d&rsquo;autres personnes partageant les m\u00eames r\u00eaves, et cela m&rsquo;a fait beaucoup de bien. Une exp\u00e9rience que je ne suis pas pr\u00eate d&rsquo;oublier ! <br>\ud83d\udcac <br>\u00ab\u00a0J&rsquo;\u00e9tais un peu sceptique au d\u00e9part, mais cet atelier a largement d\u00e9pass\u00e9 mes attentes ! J&rsquo;ai appris \u00e0 \u00e9quilibrer ma vie et \u00e0 vraiment \u00e9couter mes intuitions. Le soutien du groupe a \u00e9t\u00e9 fantastique !\u00a0\u00bb<br>\ud83d\udcac <br>\u00ab\u00a0Une exp\u00e9rience qui r\u00e9veille ! L&rsquo;atelier m&rsquo;a aid\u00e9 \u00e0 comprendre mes freins et \u00e0 m&rsquo;en lib\u00e9rer. J&rsquo;ai quitt\u00e9 avec des objectifs clairs et une nouvelle motivation. \u00ab\u00a0<br>\ud83d\udcac <br>\u00ab\u00a0Ce que j&rsquo;ai aim\u00e9, c&rsquo;est la bienveillance de tout le monde. C&rsquo;est un cadre o\u00f9 je me suis sentie en s\u00e9curit\u00e9 pour partager mes id\u00e9es et mes doutes. Les \u00e9changes \u00e9taient riches et inspirants. Je me sens revitalis\u00e9e !\u00a0\u00bb<br>\ud83d\udcac <br>\u00ab\u00a0Apr\u00e8s des ann\u00e9es en boucle, cet atelier m&rsquo;a permis de sortir de ma zone de confort. Les exercices et les discussions m&rsquo;ont vraiment ouvert les yeux. Je suis reparti avec des ambitions claires et l&rsquo;\u00e9nergie n\u00e9cessaire pour les r\u00e9aliser.\u00a0\u00bb<br>\ud83d\udcac <br>\u00ab\u00a0Une aventure incroyable ! je me sens vraiment transform\u00e9e.\u00a0\u00bb<br>\ud83d\udcac <strong>:<\/strong>\u00ab\u00a0L&rsquo;atelier a \u00e9t\u00e9 comme une bouff\u00e9e d&rsquo;air frais. J&rsquo;ai d\u00e9couvert des outils pour mieux g\u00e9rer mon stress et m&rsquo;organiser. L&rsquo;ambiance joyeuse et collaboratrice m&rsquo;a donn\u00e9 l&rsquo;\u00e9lan dont j&rsquo;avais besoin.\u00a0\u00bb<\/p>\n","protected":false},"excerpt":{"rendered":"<p>Au programme : \u00cates-vous pr\u00eat \u00e0 transformer votre vie ? Des questions? Contact: 079 257 64 96 chiesacam@gmail.com Faites notre test gratuit pour identifier votre \u00e9l\u00e9ment naturel levier \u00e0 d\u00e9velopper pour vous \u00e9panouir davantage, \u00e9quilibrer votre vie et maximiser votre &hellip; <a href=\"https:\/\/creacti.ch\/?page_id=69\">Lire la suite\u00ad\u00ad<\/a><\/p>\n","protected":false},"author":1,"featured_media":0,"parent":5,"menu_order":0,"comment_status":"closed","ping_status":"closed","template":"","meta":{"kt_blocks_editor_width":"","footnotes":""},"class_list":["post-69","page","type-page","status-publish","hentry"],"yoast_head":"<!-- This site is optimized with the Yoast SEO plugin v26.3 - https:\/\/yoast.com\/wordpress\/plugins\/seo\/ -->\n<title>Ateliers d\u00e9veloppement personnel -<\/title>\n<meta name=\"robots\" content=\"index, follow, max-snippet:-1, max-image-preview:large, max-video-preview:-1\" \/>\n<link rel=\"canonical\" href=\"https:\/\/creacti.ch\/?page_id=69\" \/>\n<meta property=\"og:locale\" content=\"fr_FR\" \/>\n<meta property=\"og:type\" content=\"article\" \/>\n<meta property=\"og:title\" content=\"Ateliers d\u00e9veloppement personnel -\" \/>\n<meta property=\"og:description\" content=\"Au programme : \u00cates-vous pr\u00eat \u00e0 transformer votre vie ? Des questions? Contact: 079 257 64 96 chiesacam@gmail.com Faites notre test gratuit pour identifier votre \u00e9l\u00e9ment naturel levier \u00e0 d\u00e9velopper pour vous \u00e9panouir davantage, \u00e9quilibrer votre vie et maximiser votre &hellip; Lire la suite\u00ad\u00ad\" \/>\n<meta property=\"og:url\" content=\"https:\/\/creacti.ch\/?page_id=69\" \/>\n<meta property=\"article:modified_time\" content=\"2025-11-20T21:21:30+00:00\" \/>\n<meta property=\"og:image\" content=\"https:\/\/creacti.ch\/wp-content\/uploads\/2025\/11\/IMG_4274.jpeg\" \/>\n\t<meta property=\"og:image:width\" content=\"1895\" \/>\n\t<meta property=\"og:image:height\" content=\"2495\" \/>\n\t<meta property=\"og:image:type\" content=\"image\/jpeg\" \/>\n<meta name=\"twitter:card\" content=\"summary_large_image\" \/>\n<meta name=\"twitter:label1\" content=\"Dur\u00e9e de lecture estim\u00e9e\" \/>\n\t<meta name=\"twitter:data1\" content=\"4 minutes\" \/>\n<script type=\"application\/ld+json\" class=\"yoast-schema-graph\">{\"@context\":\"https:\/\/schema.org\",\"@graph\":[{\"@type\":\"WebPage\",\"@id\":\"https:\/\/creacti.ch\/?page_id=69\",\"url\":\"https:\/\/creacti.ch\/?page_id=69\",\"name\":\"Ateliers d\u00e9veloppement personnel -\",\"isPartOf\":{\"@id\":\"https:\/\/creacti.ch\/#website\"},\"primaryImageOfPage\":{\"@id\":\"https:\/\/creacti.ch\/?page_id=69#primaryimage\"},\"image\":{\"@id\":\"https:\/\/creacti.ch\/?page_id=69#primaryimage\"},\"thumbnailUrl\":\"https:\/\/creacti.ch\/wp-content\/uploads\/2025\/11\/IMG_4274-778x1024.jpeg\",\"datePublished\":\"2020-06-17T21:09:00+00:00\",\"dateModified\":\"2025-11-20T21:21:30+00:00\",\"breadcrumb\":{\"@id\":\"https:\/\/creacti.ch\/?page_id=69#breadcrumb\"},\"inLanguage\":\"fr-FR\",\"potentialAction\":[{\"@type\":\"ReadAction\",\"target\":[\"https:\/\/creacti.ch\/?page_id=69\"]}]},{\"@type\":\"ImageObject\",\"inLanguage\":\"fr-FR\",\"@id\":\"https:\/\/creacti.ch\/?page_id=69#primaryimage\",\"url\":\"https:\/\/creacti.ch\/wp-content\/uploads\/2025\/11\/IMG_4274.jpeg\",\"contentUrl\":\"https:\/\/creacti.ch\/wp-content\/uploads\/2025\/11\/IMG_4274.jpeg\",\"width\":1895,\"height\":2495},{\"@type\":\"BreadcrumbList\",\"@id\":\"https:\/\/creacti.ch\/?page_id=69#breadcrumb\",\"itemListElement\":[{\"@type\":\"ListItem\",\"position\":1,\"name\":\"Accueil\",\"item\":\"https:\/\/creacti.ch\/\"},{\"@type\":\"ListItem\",\"position\":2,\"name\":\"Creacti, la m\u00e9thode\",\"item\":\"https:\/\/creacti.ch\/?page_id=5\"},{\"@type\":\"ListItem\",\"position\":3,\"name\":\"Ateliers d\u00e9veloppement personnel\"}]},{\"@type\":\"WebSite\",\"@id\":\"https:\/\/creacti.ch\/#website\",\"url\":\"https:\/\/creacti.ch\/\",\"name\":\"www.creacti.ch\",\"description\":\"\",\"publisher\":{\"@id\":\"https:\/\/creacti.ch\/#organization\"},\"potentialAction\":[{\"@type\":\"SearchAction\",\"target\":{\"@type\":\"EntryPoint\",\"urlTemplate\":\"https:\/\/creacti.ch\/?s={search_term_string}\"},\"query-input\":{\"@type\":\"PropertyValueSpecification\",\"valueRequired\":true,\"valueName\":\"search_term_string\"}}],\"inLanguage\":\"fr-FR\"},{\"@type\":\"Organization\",\"@id\":\"https:\/\/creacti.ch\/#organization\",\"name\":\"Creacti\",\"url\":\"https:\/\/creacti.ch\/\",\"logo\":{\"@type\":\"ImageObject\",\"inLanguage\":\"fr-FR\",\"@id\":\"https:\/\/creacti.ch\/#\/schema\/logo\/image\/\",\"url\":\"https:\/\/creacti.ch\/wp-content\/uploads\/2025\/11\/IMG_4150.jpeg\",\"contentUrl\":\"https:\/\/creacti.ch\/wp-content\/uploads\/2025\/11\/IMG_4150.jpeg\",\"width\":716,\"height\":386,\"caption\":\"Creacti\"},\"image\":{\"@id\":\"https:\/\/creacti.ch\/#\/schema\/logo\/image\/\"}}]}<\/script>\n<!-- \/ Yoast SEO plugin. -->","yoast_head_json":{"title":"Ateliers d\u00e9veloppement personnel -","robots":{"index":"index","follow":"follow","max-snippet":"max-snippet:-1","max-image-preview":"max-image-preview:large","max-video-preview":"max-video-preview:-1"},"canonical":"https:\/\/creacti.ch\/?page_id=69","og_locale":"fr_FR","og_type":"article","og_title":"Ateliers d\u00e9veloppement personnel -","og_description":"Au programme : \u00cates-vous pr\u00eat \u00e0 transformer votre vie ? Des questions? Contact: 079 257 64 96 chiesacam@gmail.com Faites notre test gratuit pour identifier votre \u00e9l\u00e9ment naturel levier \u00e0 d\u00e9velopper pour vous \u00e9panouir davantage, \u00e9quilibrer votre vie et maximiser votre &hellip; Lire la suite\u00ad\u00ad","og_url":"https:\/\/creacti.ch\/?page_id=69","article_modified_time":"2025-11-20T21:21:30+00:00","og_image":[{"width":1895,"height":2495,"url":"https:\/\/creacti.ch\/wp-content\/uploads\/2025\/11\/IMG_4274.jpeg","type":"image\/jpeg"}],"twitter_card":"summary_large_image","twitter_misc":{"Dur\u00e9e de lecture estim\u00e9e":"4 minutes"},"schema":{"@context":"https:\/\/schema.org","@graph":[{"@type":"WebPage","@id":"https:\/\/creacti.ch\/?page_id=69","url":"https:\/\/creacti.ch\/?page_id=69","name":"Ateliers d\u00e9veloppement personnel -","isPartOf":{"@id":"https:\/\/creacti.ch\/#website"},"primaryImageOfPage":{"@id":"https:\/\/creacti.ch\/?page_id=69#primaryimage"},"image":{"@id":"https:\/\/creacti.ch\/?page_id=69#primaryimage"},"thumbnailUrl":"https:\/\/creacti.ch\/wp-content\/uploads\/2025\/11\/IMG_4274-778x1024.jpeg","datePublished":"2020-06-17T21:09:00+00:00","dateModified":"2025-11-20T21:21:30+00:00","breadcrumb":{"@id":"https:\/\/creacti.ch\/?page_id=69#breadcrumb"},"inLanguage":"fr-FR","potentialAction":[{"@type":"ReadAction","target":["https:\/\/creacti.ch\/?page_id=69"]}]},{"@type":"ImageObject","inLanguage":"fr-FR","@id":"https:\/\/creacti.ch\/?page_id=69#primaryimage","url":"https:\/\/creacti.ch\/wp-content\/uploads\/2025\/11\/IMG_4274.jpeg","contentUrl":"https:\/\/creacti.ch\/wp-content\/uploads\/2025\/11\/IMG_4274.jpeg","width":1895,"height":2495},{"@type":"BreadcrumbList","@id":"https:\/\/creacti.ch\/?page_id=69#breadcrumb","itemListElement":[{"@type":"ListItem","position":1,"name":"Accueil","item":"https:\/\/creacti.ch\/"},{"@type":"ListItem","position":2,"name":"Creacti, la m\u00e9thode","item":"https:\/\/creacti.ch\/?page_id=5"},{"@type":"ListItem","position":3,"name":"Ateliers d\u00e9veloppement personnel"}]},{"@type":"WebSite","@id":"https:\/\/creacti.ch\/#website","url":"https:\/\/creacti.ch\/","name":"www.creacti.ch","description":"","publisher":{"@id":"https:\/\/creacti.ch\/#organization"},"potentialAction":[{"@type":"SearchAction","target":{"@type":"EntryPoint","urlTemplate":"https:\/\/creacti.ch\/?s={search_term_string}"},"query-input":{"@type":"PropertyValueSpecification","valueRequired":true,"valueName":"search_term_string"}}],"inLanguage":"fr-FR"},{"@type":"Organization","@id":"https:\/\/creacti.ch\/#organization","name":"Creacti","url":"https:\/\/creacti.ch\/","logo":{"@type":"ImageObject","inLanguage":"fr-FR","@id":"https:\/\/creacti.ch\/#\/schema\/logo\/image\/","url":"https:\/\/creacti.ch\/wp-content\/uploads\/2025\/11\/IMG_4150.jpeg","contentUrl":"https:\/\/creacti.ch\/wp-content\/uploads\/2025\/11\/IMG_4150.jpeg","width":716,"height":386,"caption":"Creacti"},"image":{"@id":"https:\/\/creacti.ch\/#\/schema\/logo\/image\/"}}]}},"_links":{"self":[{"href":"https:\/\/creacti.ch\/index.php?rest_route=\/wp\/v2\/pages\/69","targetHints":{"allow":["GET"]}}],"collection":[{"href":"https:\/\/creacti.ch\/index.php?rest_route=\/wp\/v2\/pages"}],"about":[{"href":"https:\/\/creacti.ch\/index.php?rest_route=\/wp\/v2\/types\/page"}],"author":[{"embeddable":true,"href":"https:\/\/creacti.ch\/index.php?rest_route=\/wp\/v2\/users\/1"}],"replies":[{"embeddable":true,"href":"https:\/\/creacti.ch\/index.php?rest_route=%2Fwp%2Fv2%2Fcomments&post=69"}],"version-history":[{"count":45,"href":"https:\/\/creacti.ch\/index.php?rest_route=\/wp\/v2\/pages\/69\/revisions"}],"predecessor-version":[{"id":952,"href":"https:\/\/creacti.ch\/index.php?rest_route=\/wp\/v2\/pages\/69\/revisions\/952"}],"up":[{"embeddable":true,"href":"https:\/\/creacti.ch\/index.php?rest_route=\/wp\/v2\/pages\/5"}],"wp:attachment":[{"href":"https:\/\/creacti.ch\/index.php?rest_route=%2Fwp%2Fv2%2Fmedia&parent=69"}],"curies":[{"name":"wp","href":"https:\/\/api.w.org\/{rel}","templated":true}]}}