{"id":201,"date":"2024-06-25T13:17:48","date_gmt":"2024-06-25T13:17:48","guid":{"rendered":"https:\/\/inspiration-feng-shui.ch\/?page_id=201"},"modified":"2025-10-15T23:43:30","modified_gmt":"2025-10-15T23:43:30","slug":"elements","status":"publish","type":"page","link":"https:\/\/creacti.ch\/?page_id=201","title":{"rendered":"Th\u00e9matiques de succ\u00e8s"},"content":{"rendered":"\n<div class=\"wp-block-buttons is-layout-flex wp-block-buttons-is-layout-flex\">\n<div class=\"wp-block-button\"><a class=\"wp-block-button__link wp-element-button\">Creacti<\/a><\/div>\n\n\n\n<div class=\"wp-block-button\"><a class=\"wp-block-button__link wp-element-button\">Ateliers<\/a><\/div>\n\n\n\n<div class=\"wp-block-button\"><a class=\"wp-block-button__link wp-element-button\">Coffrets Rituels<\/a><\/div>\n\n\n\n<div class=\"wp-block-button\"><a class=\"wp-block-button__link wp-element-button\">Contact<\/a><\/div>\n<\/div>\n\n\n\n<p class=\"has-virtue-primary-background-color has-background wp-block-paragraph\"><strong>ASPECTS DE LA VIE au niveau individuel, familial, gestion de projet ou entreprise<\/strong>.<\/p>\n\n\n\n<p class=\"has-virtue-primary-background-color has-background wp-block-paragraph\">Les th\u00e9matiques sont inspir\u00e9es du Feng Shui et se retrouvent dans plusieurs \u00e9coles de management moderne.<\/p>\n\n\n\n<p class=\"has-virtue-primary-background-color has-background wp-block-paragraph\">Pour atteindre un \u00e9quilibre et un succ\u00e8s durable, il est essentiel que chaque domaine de la vie soit correctement d\u00e9velopp\u00e9, car ces domaines (class\u00e9s en th\u00e9matiques) interagissent et se nourrissent mutuellement. En effet, n\u00e9gliger une th\u00e9matique de succ\u00e8s peut nuire \u00e0 l&rsquo;ensemble et entra\u00eener des cons\u00e9quences sur le long terme. Selon le Feng Shui traditionnel, chaque \u00e9l\u00e9ment v\u00e9hicule des \u00e9nergies diff\u00e9rentes. Pour mener une vie \u00e9quilibr\u00e9e, il est important d&rsquo;harmoniser ces \u00e9nergies dans notre environnement, qui, \u00e0 son tour, influence notre bien-\u00eatre. De plus, les forces des \u00e9l\u00e9ments peuvent \u00eatre utilis\u00e9es de mani\u00e8re cibl\u00e9e pour initier, d\u00e9bloquer ou enrichir un projet, qu&rsquo;il soit personnel ou professionnel.<\/p>\n\n\n\n<h2 class=\"wp-block-heading\"><mark style=\"background-color:rgba(0, 0, 0, 0);color:#3eb7d6\" class=\"has-inline-color\"><strong>L\u2019activit\u00e9, le travail, la carri\u00e8re, l\u2019argent &#8211; \u00e9l\u00e9ment eau<\/strong><\/mark><\/h2>\n\n\n\n<div class=\"wp-block-media-text is-stacked-on-mobile has-virtue-primary-light-background-color has-background\" style=\"grid-template-columns:49% auto\"><figure class=\"wp-block-media-text__media\"><img loading=\"lazy\" decoding=\"async\" width=\"791\" height=\"574\" src=\"https:\/\/creacti.ch\/wp-content\/uploads\/2025\/10\/IMG_4414-1.jpeg\" alt=\"\" class=\"wp-image-517 size-full\" srcset=\"https:\/\/creacti.ch\/wp-content\/uploads\/2025\/10\/IMG_4414-1.jpeg 791w, https:\/\/creacti.ch\/wp-content\/uploads\/2025\/10\/IMG_4414-1-300x218.jpeg 300w, https:\/\/creacti.ch\/wp-content\/uploads\/2025\/10\/IMG_4414-1-768x557.jpeg 768w\" sizes=\"auto, (max-width: 791px) 100vw, 791px\" \/><\/figure><div class=\"wp-block-media-text__content\">\n<p class=\"wp-block-paragraph\"><mark style=\"background-color:rgba(0, 0, 0, 0)\" class=\"has-inline-color has-black-color\"><strong>Est-ce que mon travail, mes occupations, mes conditions de travail me correspondent? Au niveau de l\u2019entreprise : r\u00e9flexion sur l\u2019activit\u00e9 de l\u2019entreprise<\/strong>.<\/mark><\/p>\n\n\n\n<p class=\"wp-block-paragraph\"><mark style=\"background-color:rgba(0, 0, 0, 0)\" class=\"has-inline-color has-black-color\"><strong>Cette th\u00e9matique peut aussi faire r\u00e9f\u00e9rence \u00e0 un b\u00e9n\u00e9volat ou \u00e0 des activit\u00e9s m\u00e9nag\u00e8res ou sociales. <\/strong><br><\/mark><\/p>\n<\/div><\/div>\n\n\n\n<p class=\"has-virtue-primary-light-background-color has-background wp-block-paragraph\"><mark style=\"background-color:rgba(0, 0, 0, 0)\" class=\"has-inline-color has-black-color\">L\u2019activit\u00e9, ce \u00e0 quoi on s\u2019emploie dans le courant de la journ\u00e9e, est repr\u00e9sent\u00e9e par l\u2019eau. Il est essentiel de prendre parfois le temps d\u2019observer ce que l\u2019on fait et prendre du recul. L\u2019\u00e9l\u00e9ment eau va aussi \u00eatre celui des liquidit\u00e9s, c\u2019est \u00e0 dire l\u2019argent.<br>Si l\u2019on ne sait pas par o\u00f9 commencer dans l\u2019activation des \u00e9nergies, on peut souvent choisir de commencer par l\u2019ACTIVIT\u00c9, car l\u2019\u00e9l\u00e9ment EAU est typiquement plac\u00e9 au niveau de la porte d\u2019entr\u00e9e, c\u2019est \u00e0 dire au d\u00e9but. L\u2019eau est l\u2019\u00e9l\u00e9ment le plus sp\u00e9cifique de notre plan\u00e8te, c\u2019est dans l\u2019eau que la vie a commenc\u00e9, et dans l\u2019eau que notre vie a d\u00e9but\u00e9, au creux du ventre maternel.<\/mark><\/p>\n\n\n\n<p class=\"wp-block-paragraph\"><\/p>\n\n\n\n<h2 class=\"wp-block-heading\"><mark style=\"background-color:rgba(0, 0, 0, 0);color:#dc9453\" class=\"has-inline-color\"><strong>Les valeurs, la spiritualit\u00e9 et l\u2019\u00e9ducation &#8211; \u00e9l\u00e9ment terre<\/strong><\/mark><\/h2>\n\n\n\n<div class=\"wp-block-media-text is-stacked-on-mobile\" style=\"grid-template-columns:49% auto\"><figure class=\"wp-block-media-text__media\"><img loading=\"lazy\" decoding=\"async\" width=\"712\" height=\"563\" src=\"https:\/\/creacti.ch\/wp-content\/uploads\/2025\/10\/IMG_4415-3.jpeg\" alt=\"\" class=\"wp-image-457 size-full\" srcset=\"https:\/\/creacti.ch\/wp-content\/uploads\/2025\/10\/IMG_4415-3.jpeg 712w, https:\/\/creacti.ch\/wp-content\/uploads\/2025\/10\/IMG_4415-3-300x237.jpeg 300w\" sizes=\"auto, (max-width: 712px) 100vw, 712px\" \/><\/figure><div class=\"wp-block-media-text__content\">\n<p class=\"wp-block-paragraph\"><mark style=\"background-color:rgba(0, 0, 0, 0)\" class=\"has-inline-color has-black-color\"><strong>Quelles sont mes valeurs ? Pour \u00eatre heureux\/heureuse, j\u2019ai besoin de vivre en accord avec mes convictions, mes croyances. Cette th\u00e9matique est aussi celle de l\u2019\u00e9ducation, la transmission. <\/strong><\/mark><br><\/p>\n\n\n\n<p class=\"wp-block-paragraph\"><mark style=\"background-color:rgba(0, 0, 0, 0)\" class=\"has-inline-color has-black-color\"><strong>Quelles sont les valeurs de l\u2019entreprise? Du groupe?<\/strong><\/mark><\/p>\n\n\n\n<p class=\"wp-block-paragraph\"><mark style=\"background-color:rgba(0, 0, 0, 0);color:#dc9453\" class=\"has-inline-color\"><strong> <\/strong><\/mark><br><\/p>\n<\/div><\/div>\n\n\n\n<p class=\"wp-block-paragraph\"><mark style=\"background-color:rgba(0, 0, 0, 0)\" class=\"has-inline-color has-black-color\">Si mes valeurs ne sont pas respect\u00e9es, sur le long terme je fonce droit dans le mur. Clarifier et respecter mes valeurs est crucial. \u00catre capable de les transmettre. Dans l\u2019\u00e9ducation des enfants, dans la sph\u00e8re priv\u00e9e, dans le milieu professionnel il s\u2019agira d\u2019\u00eatre intransigeant\/e envers mes partenaires fournisseurs ou employ\u00e9s et m\u00eame mes employeurs sur mes valeurs cl\u00e9s. <br>Pour une image plus forte, une meilleure coh\u00e9rence et coh\u00e9sion des \u00e9quipes, identifier et respecter les valeurs de l\u2019entreprise et le savoir traditionnel<\/mark><\/p>\n\n\n\n<p class=\"wp-block-paragraph\"><\/p>\n\n\n\n<h2 class=\"wp-block-heading\"><strong><mark style=\"background-color:rgba(0, 0, 0, 0);color:#1d7a1b\" class=\"has-inline-color\">Sant\u00e9, bien-\u00eatre, racines &#8211; \u00e9l\u00e9ment bois<\/mark> <\/strong><\/h2>\n\n\n\n<div class=\"wp-block-media-text is-stacked-on-mobile\"><figure class=\"wp-block-media-text__media\"><img loading=\"lazy\" decoding=\"async\" width=\"1024\" height=\"574\" src=\"https:\/\/creacti.ch\/wp-content\/uploads\/2025\/10\/IMG_4416-1.jpeg\" alt=\"\" class=\"wp-image-467 size-full\" srcset=\"https:\/\/creacti.ch\/wp-content\/uploads\/2025\/10\/IMG_4416-1.jpeg 1024w, https:\/\/creacti.ch\/wp-content\/uploads\/2025\/10\/IMG_4416-1-300x168.jpeg 300w, https:\/\/creacti.ch\/wp-content\/uploads\/2025\/10\/IMG_4416-1-768x431.jpeg 768w\" sizes=\"auto, (max-width: 1024px) 100vw, 1024px\" \/><\/figure><div class=\"wp-block-media-text__content\">\n<p class=\"wp-block-paragraph\"><strong><mark style=\"background-color:rgba(0, 0, 0, 0);color:#1d7a1b\" class=\"has-inline-color\">C\u2019est la th\u00e9matique pour la sant\u00e9 et la famille (ou au niveau d\u2019un groupe, l\u2019ensemble des individus)<\/mark><\/strong><\/p>\n\n\n\n<p class=\"wp-block-paragraph\"><strong><mark style=\"background-color:rgba(0, 0, 0, 0);color:#1d7a1b\" class=\"has-inline-color\">Cette  th\u00e9matique approche le bien \u00eatre individuel et collectif.<\/mark><\/strong><\/p>\n<\/div><\/div>\n\n\n\n<p class=\"wp-block-paragraph\"><mark style=\"background-color:rgba(0, 0, 0, 0)\" class=\"has-inline-color has-black-color\">Renforcer notre sant\u00e9 physique et mentale, favoriser l\u2019harmonie familiale (ou de l\u2019\u00e9quipe), prendre en consid\u00e9ration les enseignements et les forces h\u00e9rit\u00e9es. <br>Une r\u00e9flexion sur les racines peut renforcer le soutien d\u2019appartenance. Croissance, vitalit\u00e9 expansion . D\u00e9veloppement et \u00e9nergies nouvelles.<\/mark><\/p>\n\n\n\n<p class=\"wp-block-paragraph\"><\/p>\n\n\n\n<h2 class=\"wp-block-heading\"><mark style=\"background-color:rgba(0, 0, 0, 0);color:#12e42a\" class=\"has-inline-color\"><strong>Prosp\u00e9rit\u00e9, richesse, abondance &#8211; \u00e9l\u00e9ment bois <\/strong><\/mark><\/h2>\n\n\n\n<div class=\"wp-block-media-text is-stacked-on-mobile\" style=\"grid-template-columns:51% auto\"><figure class=\"wp-block-media-text__media\"><img loading=\"lazy\" decoding=\"async\" width=\"815\" height=\"574\" src=\"https:\/\/creacti.ch\/wp-content\/uploads\/2025\/10\/IMG_4417-2.jpeg\" alt=\"\" class=\"wp-image-487 size-full\" srcset=\"https:\/\/creacti.ch\/wp-content\/uploads\/2025\/10\/IMG_4417-2.jpeg 815w, https:\/\/creacti.ch\/wp-content\/uploads\/2025\/10\/IMG_4417-2-300x211.jpeg 300w, https:\/\/creacti.ch\/wp-content\/uploads\/2025\/10\/IMG_4417-2-768x541.jpeg 768w\" sizes=\"auto, (max-width: 815px) 100vw, 815px\" \/><\/figure><div class=\"wp-block-media-text__content\">\n<p class=\"wp-block-paragraph\"><mark style=\"background-color:rgba(0, 0, 0, 0)\" class=\"has-inline-color has-black-color\"><strong>Est ce que je profite sereinement des fruits de mes possessions ? Est-ce que je me sens en s\u00e9curit\u00e9 financi\u00e8rement?<\/strong><\/mark> <\/p>\n\n\n\n<p class=\"wp-block-paragraph\"><mark style=\"background-color:rgba(0, 0, 0, 0)\" class=\"has-inline-color has-black-color\"><strong>Est-ce que je fais fructifier mon patrimoine? Est-ce que j\u2019ai un socle financier solide et stable? <\/strong><\/mark><\/p>\n\n\n\n<p class=\"wp-block-paragraph\"><br><\/p>\n<\/div><\/div>\n\n\n\n<p class=\"wp-block-paragraph\"><mark style=\"background-color:rgba(0, 0, 0, 0)\" class=\"has-inline-color has-black-color\">Cette th\u00e9matique offre une r\u00e9flexion sur la satisfaction des besoins mat\u00e9riels, notre capacit\u00e9 \u00e0 collecter les b\u00e9n\u00e9fices de ce que nous mettons en \u0153uvre, comment augmenter notre richesse.<\/mark><\/p>\n\n\n\n<p class=\"wp-block-paragraph\"><\/p>\n\n\n\n<h2 class=\"wp-block-heading\"><mark style=\"background-color:rgba(0, 0, 0, 0);color:#f02d1f\" class=\"has-inline-color\"><strong>Popularit\u00e9, r\u00e9putation, enthousiasme &#8211; \u00e9l\u00e9ment feu<\/strong><\/mark><\/h2>\n\n\n\n<div class=\"wp-block-media-text is-stacked-on-mobile\" style=\"grid-template-columns:51% auto\"><figure class=\"wp-block-media-text__media\"><img loading=\"lazy\" decoding=\"async\" width=\"1020\" height=\"730\" src=\"https:\/\/creacti.ch\/wp-content\/uploads\/2025\/10\/IMG_4419.jpeg\" alt=\"\" class=\"wp-image-492 size-full\" srcset=\"https:\/\/creacti.ch\/wp-content\/uploads\/2025\/10\/IMG_4419.jpeg 1020w, https:\/\/creacti.ch\/wp-content\/uploads\/2025\/10\/IMG_4419-300x215.jpeg 300w, https:\/\/creacti.ch\/wp-content\/uploads\/2025\/10\/IMG_4419-768x550.jpeg 768w\" sizes=\"auto, (max-width: 1020px) 100vw, 1020px\" \/><\/figure><div class=\"wp-block-media-text__content\">\n<p class=\"wp-block-paragraph\"><mark style=\"background-color:rgba(0, 0, 0, 0);color:#f02d1f\" class=\"has-inline-color\"><strong>Comment suis-je per\u00e7u\/e par les autre<\/strong><\/mark><\/p>\n\n\n\n<p class=\"wp-block-paragraph\"><mark style=\"background-color:rgba(0, 0, 0, 0);color:#f02d1f\" class=\"has-inline-color\"><strong>Quelle est l\u2019image publique de l\u2019entreprise ? <\/strong><\/mark><br><\/p>\n\n\n\n<p class=\"wp-block-paragraph\"><mark style=\"background-color:rgba(0, 0, 0, 0);color:#f02d1f\" class=\"has-inline-color\"><strong>Qui sont mes amis, mes alli\u00e9s, (mes ennemis ou concurrents)? <\/strong><\/mark><\/p>\n\n\n\n<p class=\"wp-block-paragraph\"><br><\/p>\n<\/div><\/div>\n\n\n\n<p class=\"wp-block-paragraph\"><mark style=\"background-color:rgba(0, 0, 0, 0)\" class=\"has-inline-color has-black-color\">Cette th\u00e9matique adresse implicitement l\u2019enthousiasme, l\u2019affirmation de soi, le dynamisme.<\/mark><\/p>\n\n\n\n<h2 class=\"wp-block-heading\"><mark style=\"background-color:rgba(0, 0, 0, 0);color:#f39b3f\" class=\"has-inline-color\"><strong>Amour et relations, stabilit\u00e9 et s\u00e9curit\u00e9 &#8211; \u00e9l\u00e9ment terre<\/strong><\/mark><\/h2>\n\n\n\n<div class=\"wp-block-media-text is-stacked-on-mobile\"><figure class=\"wp-block-media-text__media\"><img loading=\"lazy\" decoding=\"async\" width=\"811\" height=\"537\" src=\"https:\/\/creacti.ch\/wp-content\/uploads\/2025\/10\/IMG_4420.jpeg\" alt=\"\" class=\"wp-image-495 size-full\" srcset=\"https:\/\/creacti.ch\/wp-content\/uploads\/2025\/10\/IMG_4420.jpeg 811w, https:\/\/creacti.ch\/wp-content\/uploads\/2025\/10\/IMG_4420-300x199.jpeg 300w, https:\/\/creacti.ch\/wp-content\/uploads\/2025\/10\/IMG_4420-768x509.jpeg 768w\" sizes=\"auto, (max-width: 811px) 100vw, 811px\" \/><\/figure><div class=\"wp-block-media-text__content\">\n<p class=\"wp-block-paragraph\"><strong><mark style=\"background-color:rgba(0, 0, 0, 0)\" class=\"has-inline-color has-black-color\">Au niveau personnel, c\u2019est la th\u00e9matique des relations amoureuses, de l\u2019amour durable dans le couple <\/mark><\/strong><\/p>\n\n\n\n<p class=\"wp-block-paragraph\"><strong><mark style=\"background-color:rgba(0, 0, 0, 0)\" class=\"has-inline-color has-black-color\">\u00c0 l\u2019\u00e9chelle de l\u2019entreprise, une atmosph\u00e8re chaleureuse et accueillante, une bonne coop\u00e9ration entre collaborateurs, une bonne qualit\u00e9 relationnelle avec les partenaires.<\/mark><\/strong><\/p>\n<\/div><\/div>\n\n\n\n<p class=\"wp-block-paragraph\"><mark style=\"background-color:rgba(0, 0, 0, 0)\" class=\"has-inline-color has-black-color\">Cette th\u00e9matique aborde en particulier la question de la confiance et de la s\u00e9curit\u00e9.<\/mark><\/p>\n\n\n\n<p class=\"wp-block-paragraph\"><\/p>\n\n\n\n<h2 class=\"wp-block-heading\"><mark style=\"background-color:rgba(0, 0, 0, 0);color:#cbbfbf\" class=\"has-inline-color\"><strong>Les projets, les enfants, les voyages &#8211; \u00e9l\u00e9ment m\u00e9tal <\/strong><\/mark><\/h2>\n\n\n\n<div class=\"wp-block-media-text is-stacked-on-mobile\"><figure class=\"wp-block-media-text__media\"><img loading=\"lazy\" decoding=\"async\" width=\"1024\" height=\"574\" src=\"https:\/\/creacti.ch\/wp-content\/uploads\/2025\/10\/IMG_4421.jpeg\" alt=\"\" class=\"wp-image-499 size-full\" srcset=\"https:\/\/creacti.ch\/wp-content\/uploads\/2025\/10\/IMG_4421.jpeg 1024w, https:\/\/creacti.ch\/wp-content\/uploads\/2025\/10\/IMG_4421-300x168.jpeg 300w, https:\/\/creacti.ch\/wp-content\/uploads\/2025\/10\/IMG_4421-768x431.jpeg 768w\" sizes=\"auto, (max-width: 1024px) 100vw, 1024px\" \/><\/figure><div class=\"wp-block-media-text__content\">\n<p class=\"wp-block-paragraph\"><strong><mark style=\"background-color:rgba(0, 0, 0, 0)\" class=\"has-inline-color has-black-color\">Au niveau personnel, c\u2019est la th\u00e9matique des enfants, voyages et autres projets <\/mark><\/strong><\/p>\n\n\n\n<p class=\"wp-block-paragraph\"><strong><mark style=\"background-color:rgba(0, 0, 0, 0)\" class=\"has-inline-color has-black-color\">\u00c0 l\u2019\u00e9chelle de l\u2019entreprise, les nouveaux projets, capacit\u00e9 \u00e0 se transformer se renouveler <\/mark><\/strong><\/p>\n<\/div><\/div>\n\n\n\n<p class=\"wp-block-paragraph\"><mark style=\"background-color:rgba(0, 0, 0, 0)\" class=\"has-inline-color has-black-color\">C\u2019est la th\u00e9matique qui aborde notre capacit\u00e9 \u00e0 aller de l\u2019avant, nos r\u00e9alisations <\/mark><\/p>\n\n\n\n<h2 class=\"wp-block-heading\"><mark style=\"background-color:rgba(0, 0, 0, 0)\" class=\"has-inline-color has-kb-palette-1-color\"><strong>Relations et amis &#8211; \u00e9l\u00e9ment m\u00e9tal <\/strong><\/mark><\/h2>\n\n\n\n<div class=\"wp-block-media-text is-stacked-on-mobile\"><figure class=\"wp-block-media-text__media\"><img loading=\"lazy\" decoding=\"async\" width=\"816\" height=\"568\" src=\"https:\/\/creacti.ch\/wp-content\/uploads\/2025\/10\/IMG_4422.jpeg\" alt=\"\" class=\"wp-image-500 size-full\" srcset=\"https:\/\/creacti.ch\/wp-content\/uploads\/2025\/10\/IMG_4422.jpeg 816w, https:\/\/creacti.ch\/wp-content\/uploads\/2025\/10\/IMG_4422-300x209.jpeg 300w, https:\/\/creacti.ch\/wp-content\/uploads\/2025\/10\/IMG_4422-768x535.jpeg 768w\" sizes=\"auto, (max-width: 816px) 100vw, 816px\" \/><\/figure><div class=\"wp-block-media-text__content\">\n<p class=\"wp-block-paragraph\"><strong><mark style=\"background-color:rgba(0, 0, 0, 0)\" class=\"has-inline-color has-black-color\">Au niveau personnel, qui sont les personnes qui me soutiennent dans la vie ? Comment cultiver ces relations et en cr\u00e9er de nouvelles ?<\/mark><\/strong><\/p>\n\n\n\n<p class=\"wp-block-paragraph\"><strong><mark style=\"background-color:rgba(0, 0, 0, 0)\" class=\"has-inline-color has-black-color\">\u00c0 l\u2019\u00e9chelle de l\u2019entreprise, comment am\u00e9liorer mes relations avec mes mentors mes investisseurs <\/mark><\/strong><\/p>\n<\/div><\/div>\n\n\n\n<p class=\"wp-block-paragraph\"><mark style=\"background-color:rgba(0, 0, 0, 0)\" class=\"has-inline-color has-black-color\">C\u2019est la th\u00e9matique des liens sociaux et de l\u2019intelligence \u00e9motionnelle<\/mark><\/p>\n\n\n\n<div class=\"wp-block-buttons is-layout-flex wp-block-buttons-is-layout-flex\">\n<div class=\"wp-block-button\"><a class=\"wp-block-button__link wp-element-button\">Creacti<\/a><\/div>\n\n\n\n<div class=\"wp-block-button\"><a class=\"wp-block-button__link wp-element-button\">Coffrets Rituels<\/a><\/div>\n\n\n\n<div class=\"wp-block-button\"><a class=\"wp-block-button__link wp-element-button\">Ateliers<\/a><\/div>\n\n\n\n<div class=\"wp-block-button\"><a class=\"wp-block-button__link wp-element-button\">Contact<\/a><\/div>\n<\/div>\n","protected":false},"excerpt":{"rendered":"<p>ASPECTS DE LA VIE au niveau individuel, familial, gestion de projet ou entreprise. Les th\u00e9matiques sont inspir\u00e9es du Feng Shui et se retrouvent dans plusieurs \u00e9coles de management moderne. Pour atteindre un \u00e9quilibre et un succ\u00e8s durable, il est essentiel &hellip; <a href=\"https:\/\/creacti.ch\/?page_id=201\">Lire la suite\u00ad\u00ad<\/a><\/p>\n","protected":false},"author":1,"featured_media":0,"parent":5,"menu_order":0,"comment_status":"closed","ping_status":"closed","template":"","meta":{"kt_blocks_editor_width":"","footnotes":""},"class_list":["post-201","page","type-page","status-publish","hentry"],"yoast_head":"<!-- This site is optimized with the Yoast SEO plugin v26.3 - https:\/\/yoast.com\/wordpress\/plugins\/seo\/ -->\n<title>Th\u00e9matiques de succ\u00e8s -<\/title>\n<meta name=\"robots\" content=\"index, follow, max-snippet:-1, max-image-preview:large, max-video-preview:-1\" \/>\n<link rel=\"canonical\" href=\"https:\/\/creacti.ch\/?page_id=201\" \/>\n<meta property=\"og:locale\" content=\"fr_FR\" \/>\n<meta property=\"og:type\" content=\"article\" \/>\n<meta property=\"og:title\" content=\"Th\u00e9matiques de succ\u00e8s -\" \/>\n<meta property=\"og:description\" content=\"ASPECTS DE LA VIE au niveau individuel, familial, gestion de projet ou entreprise. Les th\u00e9matiques sont inspir\u00e9es du Feng Shui et se retrouvent dans plusieurs \u00e9coles de management moderne. Pour atteindre un \u00e9quilibre et un succ\u00e8s durable, il est essentiel &hellip; Lire la suite\u00ad\u00ad\" \/>\n<meta property=\"og:url\" content=\"https:\/\/creacti.ch\/?page_id=201\" \/>\n<meta property=\"article:modified_time\" content=\"2025-10-15T23:43:30+00:00\" \/>\n<meta property=\"og:image\" content=\"https:\/\/creacti.ch\/wp-content\/uploads\/2025\/10\/IMG_4414-1.jpeg\" \/>\n\t<meta property=\"og:image:width\" content=\"791\" \/>\n\t<meta property=\"og:image:height\" content=\"574\" \/>\n\t<meta property=\"og:image:type\" content=\"image\/jpeg\" \/>\n<meta name=\"twitter:card\" content=\"summary_large_image\" \/>\n<meta name=\"twitter:label1\" content=\"Dur\u00e9e de lecture estim\u00e9e\" \/>\n\t<meta name=\"twitter:data1\" content=\"5 minutes\" \/>\n<script type=\"application\/ld+json\" class=\"yoast-schema-graph\">{\"@context\":\"https:\/\/schema.org\",\"@graph\":[{\"@type\":\"WebPage\",\"@id\":\"https:\/\/creacti.ch\/?page_id=201\",\"url\":\"https:\/\/creacti.ch\/?page_id=201\",\"name\":\"Th\u00e9matiques de succ\u00e8s -\",\"isPartOf\":{\"@id\":\"https:\/\/creacti.ch\/#website\"},\"primaryImageOfPage\":{\"@id\":\"https:\/\/creacti.ch\/?page_id=201#primaryimage\"},\"image\":{\"@id\":\"https:\/\/creacti.ch\/?page_id=201#primaryimage\"},\"thumbnailUrl\":\"https:\/\/creacti.ch\/wp-content\/uploads\/2025\/10\/IMG_4414-1.jpeg\",\"datePublished\":\"2024-06-25T13:17:48+00:00\",\"dateModified\":\"2025-10-15T23:43:30+00:00\",\"breadcrumb\":{\"@id\":\"https:\/\/creacti.ch\/?page_id=201#breadcrumb\"},\"inLanguage\":\"fr-FR\",\"potentialAction\":[{\"@type\":\"ReadAction\",\"target\":[\"https:\/\/creacti.ch\/?page_id=201\"]}]},{\"@type\":\"ImageObject\",\"inLanguage\":\"fr-FR\",\"@id\":\"https:\/\/creacti.ch\/?page_id=201#primaryimage\",\"url\":\"https:\/\/creacti.ch\/wp-content\/uploads\/2025\/10\/IMG_4414-1.jpeg\",\"contentUrl\":\"https:\/\/creacti.ch\/wp-content\/uploads\/2025\/10\/IMG_4414-1.jpeg\",\"width\":791,\"height\":574},{\"@type\":\"BreadcrumbList\",\"@id\":\"https:\/\/creacti.ch\/?page_id=201#breadcrumb\",\"itemListElement\":[{\"@type\":\"ListItem\",\"position\":1,\"name\":\"Accueil\",\"item\":\"https:\/\/creacti.ch\/\"},{\"@type\":\"ListItem\",\"position\":2,\"name\":\"Creacti, la m\u00e9thode\",\"item\":\"https:\/\/creacti.ch\/?page_id=5\"},{\"@type\":\"ListItem\",\"position\":3,\"name\":\"Th\u00e9matiques de succ\u00e8s\"}]},{\"@type\":\"WebSite\",\"@id\":\"https:\/\/creacti.ch\/#website\",\"url\":\"https:\/\/creacti.ch\/\",\"name\":\"www.creacti.ch\",\"description\":\"\",\"publisher\":{\"@id\":\"https:\/\/creacti.ch\/#organization\"},\"potentialAction\":[{\"@type\":\"SearchAction\",\"target\":{\"@type\":\"EntryPoint\",\"urlTemplate\":\"https:\/\/creacti.ch\/?s={search_term_string}\"},\"query-input\":{\"@type\":\"PropertyValueSpecification\",\"valueRequired\":true,\"valueName\":\"search_term_string\"}}],\"inLanguage\":\"fr-FR\"},{\"@type\":\"Organization\",\"@id\":\"https:\/\/creacti.ch\/#organization\",\"name\":\"Creacti\",\"url\":\"https:\/\/creacti.ch\/\",\"logo\":{\"@type\":\"ImageObject\",\"inLanguage\":\"fr-FR\",\"@id\":\"https:\/\/creacti.ch\/#\/schema\/logo\/image\/\",\"url\":\"https:\/\/creacti.ch\/wp-content\/uploads\/2025\/11\/IMG_4150.jpeg\",\"contentUrl\":\"https:\/\/creacti.ch\/wp-content\/uploads\/2025\/11\/IMG_4150.jpeg\",\"width\":716,\"height\":386,\"caption\":\"Creacti\"},\"image\":{\"@id\":\"https:\/\/creacti.ch\/#\/schema\/logo\/image\/\"}}]}<\/script>\n<!-- \/ Yoast SEO plugin. -->","yoast_head_json":{"title":"Th\u00e9matiques de succ\u00e8s -","robots":{"index":"index","follow":"follow","max-snippet":"max-snippet:-1","max-image-preview":"max-image-preview:large","max-video-preview":"max-video-preview:-1"},"canonical":"https:\/\/creacti.ch\/?page_id=201","og_locale":"fr_FR","og_type":"article","og_title":"Th\u00e9matiques de succ\u00e8s -","og_description":"ASPECTS DE LA VIE au niveau individuel, familial, gestion de projet ou entreprise. Les th\u00e9matiques sont inspir\u00e9es du Feng Shui et se retrouvent dans plusieurs \u00e9coles de management moderne. Pour atteindre un \u00e9quilibre et un succ\u00e8s durable, il est essentiel &hellip; Lire la suite\u00ad\u00ad","og_url":"https:\/\/creacti.ch\/?page_id=201","article_modified_time":"2025-10-15T23:43:30+00:00","og_image":[{"width":791,"height":574,"url":"https:\/\/creacti.ch\/wp-content\/uploads\/2025\/10\/IMG_4414-1.jpeg","type":"image\/jpeg"}],"twitter_card":"summary_large_image","twitter_misc":{"Dur\u00e9e de lecture estim\u00e9e":"5 minutes"},"schema":{"@context":"https:\/\/schema.org","@graph":[{"@type":"WebPage","@id":"https:\/\/creacti.ch\/?page_id=201","url":"https:\/\/creacti.ch\/?page_id=201","name":"Th\u00e9matiques de succ\u00e8s -","isPartOf":{"@id":"https:\/\/creacti.ch\/#website"},"primaryImageOfPage":{"@id":"https:\/\/creacti.ch\/?page_id=201#primaryimage"},"image":{"@id":"https:\/\/creacti.ch\/?page_id=201#primaryimage"},"thumbnailUrl":"https:\/\/creacti.ch\/wp-content\/uploads\/2025\/10\/IMG_4414-1.jpeg","datePublished":"2024-06-25T13:17:48+00:00","dateModified":"2025-10-15T23:43:30+00:00","breadcrumb":{"@id":"https:\/\/creacti.ch\/?page_id=201#breadcrumb"},"inLanguage":"fr-FR","potentialAction":[{"@type":"ReadAction","target":["https:\/\/creacti.ch\/?page_id=201"]}]},{"@type":"ImageObject","inLanguage":"fr-FR","@id":"https:\/\/creacti.ch\/?page_id=201#primaryimage","url":"https:\/\/creacti.ch\/wp-content\/uploads\/2025\/10\/IMG_4414-1.jpeg","contentUrl":"https:\/\/creacti.ch\/wp-content\/uploads\/2025\/10\/IMG_4414-1.jpeg","width":791,"height":574},{"@type":"BreadcrumbList","@id":"https:\/\/creacti.ch\/?page_id=201#breadcrumb","itemListElement":[{"@type":"ListItem","position":1,"name":"Accueil","item":"https:\/\/creacti.ch\/"},{"@type":"ListItem","position":2,"name":"Creacti, la m\u00e9thode","item":"https:\/\/creacti.ch\/?page_id=5"},{"@type":"ListItem","position":3,"name":"Th\u00e9matiques de succ\u00e8s"}]},{"@type":"WebSite","@id":"https:\/\/creacti.ch\/#website","url":"https:\/\/creacti.ch\/","name":"www.creacti.ch","description":"","publisher":{"@id":"https:\/\/creacti.ch\/#organization"},"potentialAction":[{"@type":"SearchAction","target":{"@type":"EntryPoint","urlTemplate":"https:\/\/creacti.ch\/?s={search_term_string}"},"query-input":{"@type":"PropertyValueSpecification","valueRequired":true,"valueName":"search_term_string"}}],"inLanguage":"fr-FR"},{"@type":"Organization","@id":"https:\/\/creacti.ch\/#organization","name":"Creacti","url":"https:\/\/creacti.ch\/","logo":{"@type":"ImageObject","inLanguage":"fr-FR","@id":"https:\/\/creacti.ch\/#\/schema\/logo\/image\/","url":"https:\/\/creacti.ch\/wp-content\/uploads\/2025\/11\/IMG_4150.jpeg","contentUrl":"https:\/\/creacti.ch\/wp-content\/uploads\/2025\/11\/IMG_4150.jpeg","width":716,"height":386,"caption":"Creacti"},"image":{"@id":"https:\/\/creacti.ch\/#\/schema\/logo\/image\/"}}]}},"_links":{"self":[{"href":"https:\/\/creacti.ch\/index.php?rest_route=\/wp\/v2\/pages\/201","targetHints":{"allow":["GET"]}}],"collection":[{"href":"https:\/\/creacti.ch\/index.php?rest_route=\/wp\/v2\/pages"}],"about":[{"href":"https:\/\/creacti.ch\/index.php?rest_route=\/wp\/v2\/types\/page"}],"author":[{"embeddable":true,"href":"https:\/\/creacti.ch\/index.php?rest_route=\/wp\/v2\/users\/1"}],"replies":[{"embeddable":true,"href":"https:\/\/creacti.ch\/index.php?rest_route=%2Fwp%2Fv2%2Fcomments&post=201"}],"version-history":[{"count":94,"href":"https:\/\/creacti.ch\/index.php?rest_route=\/wp\/v2\/pages\/201\/revisions"}],"predecessor-version":[{"id":783,"href":"https:\/\/creacti.ch\/index.php?rest_route=\/wp\/v2\/pages\/201\/revisions\/783"}],"up":[{"embeddable":true,"href":"https:\/\/creacti.ch\/index.php?rest_route=\/wp\/v2\/pages\/5"}],"wp:attachment":[{"href":"https:\/\/creacti.ch\/index.php?rest_route=%2Fwp%2Fv2%2Fmedia&parent=201"}],"curies":[{"name":"wp","href":"https:\/\/api.w.org\/{rel}","templated":true}]}}